{"id":1372,"date":"2017-02-10T14:13:13","date_gmt":"2017-02-10T16:13:13","guid":{"rendered":"https:\/\/proad.ufpr.br\/ru\/?page_id=1372"},"modified":"2025-03-28T13:18:41","modified_gmt":"2025-03-28T16:18:41","slug":"cardapio-ru-matinhos","status":"publish","type":"page","link":"https:\/\/proad.ufpr.br\/ru\/cardapio-ru-matinhos\/","title":{"rendered":"Card\u00e1pio RU Matinhos"},"content":{"rendered":"\n<div class=\"wp-block-columns is-layout-flex wp-container-core-columns-is-layout-9d6595d7 wp-block-columns-is-layout-flex\">\n<div class=\"wp-block-column is-layout-flow wp-block-column-is-layout-flow\" style=\"flex-basis:100%\"><p>O card\u00e1pio ainda n\u00e3o foi disponibilizado para hoje. Por favor, volte mais tarde.<\/p>\n\n\n\n<p><\/p>\n<\/div>\n\n\n\n<div class=\"wp-block-column is-layout-flow wp-block-column-is-layout-flow\"><\/div>\n\n\n\n<div class=\"wp-block-column is-layout-flow wp-block-column-is-layout-flow\"><\/div>\n\n\n\n<div class=\"wp-block-column is-layout-flow wp-block-column-is-layout-flow\"><\/div>\n\n\n\n<div class=\"wp-block-column is-layout-flow wp-block-column-is-layout-flow\"><\/div>\n\n\n\n<div class=\"wp-block-column is-layout-flow wp-block-column-is-layout-flow\"><\/div>\n\n\n\n<div class=\"wp-block-column is-layout-flow wp-block-column-is-layout-flow\"><\/div>\n\n\n\n<div class=\"wp-block-column is-layout-flow wp-block-column-is-layout-flow\"><\/div>\n<\/div>\n\n\n<p style=\"text-align: center\">&nbsp;<\/p>\n<p style=\"text-align: center\"><strong>SENHOR USU\u00c1RIO<\/strong><br \/><strong>VOC\u00ca PODE CONTRIBUIR PARA A REDU\u00c7\u00c3O DO TEMPO DE ESPERA NA FILA DOS RU\u2019S!<\/strong><br \/>&#8211; O acesso ao sistema \u00e9 realizado pelo CPF, ent\u00e3o memorize-o.<\/p>\n<p style=\"text-align: center\">&#8211; Novos alunos e aqueles que ainda n\u00e3o possuem foto no sistema tenham em m\u00e3os um documento original com foto ou documento digital.<\/p>\n<p style=\"text-align: center\">&#8211; Facilite o troco.<\/p>\n<p style=\"text-align: center\">Atenciosamente<br \/>COORDENADORIA DOS RESTAURANTES UNIVERSIT\u00c1RIOS<\/p>\n<p><a href=\"https:\/\/proad.ufpr.br\/ru\/cardapio-ru-agrarias\/logo_ru-para-site\/\" rel=\"attachment wp-att-11860\"><img loading=\"lazy\" decoding=\"async\" class=\"wp-image-11860 size-full aligncenter\" src=\"https:\/\/proad.ufpr.br\/ru\/files\/2019\/08\/logo_RU-para-site.png\" alt=\"\" width=\"125\" height=\"81\"><\/a><\/p>\n<hr>\n<p>* Card\u00e1pio sujeito a altera\u00e7\u00f5es devido a quest\u00f5es operacionais e de abastecimento.<\/p>\n<p>* Diariamente s\u00e3o servidos arroz, arroz integral, feij\u00e3o e vinagrete.<\/p>\n<p><img loading=\"lazy\" decoding=\"async\" class=\"wp-image-59227\" src=\"https:\/\/proad.ufpr.br\/ru\/files\/2025\/02\/vegan.jpg\" alt=\"\" width=\"23\" height=\"23\" srcset=\"https:\/\/proad.ufpr.br\/ru\/files\/2025\/02\/vegan.jpg 548w, https:\/\/proad.ufpr.br\/ru\/files\/2025\/02\/vegan-300x300.jpg 300w, https:\/\/proad.ufpr.br\/ru\/files\/2025\/02\/vegan-150x150.jpg 150w\" sizes=\"auto, (max-width: 23px) 100vw, 23px\" \/>&nbsp;* Indicado para veganos<\/p>\n<p><img loading=\"lazy\" decoding=\"async\" class=\"wp-image-59217\" src=\"https:\/\/proad.ufpr.br\/ru\/files\/2025\/02\/carne.jpg\" alt=\"\" width=\"22\" height=\"22\" srcset=\"https:\/\/proad.ufpr.br\/ru\/files\/2025\/02\/carne.jpg 528w, https:\/\/proad.ufpr.br\/ru\/files\/2025\/02\/carne-300x300.jpg 300w, https:\/\/proad.ufpr.br\/ru\/files\/2025\/02\/carne-150x150.jpg 150w\" sizes=\"auto, (max-width: 22px) 100vw, 22px\" \/>&nbsp;* Cont\u00e9m produtos de origem animal<\/p>\n<p><img loading=\"lazy\" decoding=\"async\" class=\"wp-image-59232\" src=\"https:\/\/proad.ufpr.br\/ru\/files\/2025\/02\/476bf979-2cbb-476b-8739-02ed26485235.jpg\" alt=\"\" width=\"22\" height=\"22\" srcset=\"https:\/\/proad.ufpr.br\/ru\/files\/2025\/02\/476bf979-2cbb-476b-8739-02ed26485235.jpg 527w, https:\/\/proad.ufpr.br\/ru\/files\/2025\/02\/476bf979-2cbb-476b-8739-02ed26485235-300x294.jpg 300w, https:\/\/proad.ufpr.br\/ru\/files\/2025\/02\/476bf979-2cbb-476b-8739-02ed26485235-150x150.jpg 150w\" sizes=\"auto, (max-width: 22px) 100vw, 22px\" \/>&nbsp;* Cont\u00eam produtos de origem su\u00edna<\/p>\n<p><img loading=\"lazy\" decoding=\"async\" class=\"wp-image-59220\" src=\"https:\/\/proad.ufpr.br\/ru\/files\/2025\/02\/lactose.jpg\" alt=\"\" width=\"23\" height=\"22\" srcset=\"https:\/\/proad.ufpr.br\/ru\/files\/2025\/02\/lactose.jpg 557w, https:\/\/proad.ufpr.br\/ru\/files\/2025\/02\/lactose-300x284.jpg 300w, https:\/\/proad.ufpr.br\/ru\/files\/2025\/02\/lactose-150x150.jpg 150w\" sizes=\"auto, (max-width: 23px) 100vw, 23px\" \/> * Cont\u00e9m leite e\/ou derivados<\/p>\n<p><img loading=\"lazy\" decoding=\"async\" class=\"wp-image-59226\" src=\"https:\/\/proad.ufpr.br\/ru\/files\/2025\/02\/ovo.jpg\" alt=\"\" width=\"23\" height=\"22\" srcset=\"https:\/\/proad.ufpr.br\/ru\/files\/2025\/02\/ovo.jpg 559w, https:\/\/proad.ufpr.br\/ru\/files\/2025\/02\/ovo-300x289.jpg 300w, https:\/\/proad.ufpr.br\/ru\/files\/2025\/02\/ovo-150x150.jpg 150w\" sizes=\"auto, (max-width: 23px) 100vw, 23px\" \/> * Cont\u00eam ovos<\/p>\n<p><img loading=\"lazy\" decoding=\"async\" class=\"wp-image-59214\" src=\"https:\/\/proad.ufpr.br\/ru\/files\/2025\/02\/gluten.jpg\" alt=\"\" width=\"23\" height=\"22\" srcset=\"https:\/\/proad.ufpr.br\/ru\/files\/2025\/02\/gluten.jpg 542w, https:\/\/proad.ufpr.br\/ru\/files\/2025\/02\/gluten-300x291.jpg 300w, https:\/\/proad.ufpr.br\/ru\/files\/2025\/02\/gluten-150x150.jpg 150w\" sizes=\"auto, (max-width: 23px) 100vw, 23px\" \/> * Cont\u00e9m gl\u00faten<\/p>\n<p><img loading=\"lazy\" decoding=\"async\" class=\"wp-image-59226\" src=\"https:\/\/proad.ufpr.br\/ru\/files\/2025\/02\/ovo.jpg\" alt=\"\" width=\"22\" height=\"21\" srcset=\"https:\/\/proad.ufpr.br\/ru\/files\/2025\/02\/ovo.jpg 559w, https:\/\/proad.ufpr.br\/ru\/files\/2025\/02\/ovo-300x289.jpg 300w, https:\/\/proad.ufpr.br\/ru\/files\/2025\/02\/ovo-150x150.jpg 150w\" sizes=\"auto, (max-width: 22px) 100vw, 22px\" \/>&nbsp;* Cont\u00e9m ovo<\/p>\n<p><img loading=\"lazy\" decoding=\"async\" class=\"wp-image-59241\" src=\"https:\/\/proad.ufpr.br\/ru\/files\/2025\/02\/daf04cd5-bacd-4ea4-91ce-48ea45cb0ac4.jpg\" alt=\"\" width=\"21\" height=\"22\" srcset=\"https:\/\/proad.ufpr.br\/ru\/files\/2025\/02\/daf04cd5-bacd-4ea4-91ce-48ea45cb0ac4.jpg 510w, https:\/\/proad.ufpr.br\/ru\/files\/2025\/02\/daf04cd5-bacd-4ea4-91ce-48ea45cb0ac4-290x300.jpg 290w, https:\/\/proad.ufpr.br\/ru\/files\/2025\/02\/daf04cd5-bacd-4ea4-91ce-48ea45cb0ac4-150x150.jpg 150w\" sizes=\"auto, (max-width: 21px) 100vw, 21px\" \/> * Cont\u00e9m ingrediente(s) potencialmente alerg\u00eanico(s)<\/p>\n<p><img loading=\"lazy\" decoding=\"async\" class=\"wp-image-59211\" src=\"https:\/\/proad.ufpr.br\/ru\/files\/2025\/02\/mel.jpg\" alt=\"\" width=\"22\" height=\"22\" srcset=\"https:\/\/proad.ufpr.br\/ru\/files\/2025\/02\/mel.jpg 541w, https:\/\/proad.ufpr.br\/ru\/files\/2025\/02\/mel-300x296.jpg 300w, https:\/\/proad.ufpr.br\/ru\/files\/2025\/02\/mel-150x150.jpg 150w\" sizes=\"auto, (max-width: 22px) 100vw, 22px\" \/> * Cont\u00e9m mel<\/p>\n<p><img loading=\"lazy\" decoding=\"async\" class=\"wp-image-59223\" src=\"https:\/\/proad.ufpr.br\/ru\/files\/2025\/02\/pimenta.jpg\" alt=\"\" width=\"22\" height=\"22\" srcset=\"https:\/\/proad.ufpr.br\/ru\/files\/2025\/02\/pimenta.jpg 543w, https:\/\/proad.ufpr.br\/ru\/files\/2025\/02\/pimenta-295x300.jpg 295w, https:\/\/proad.ufpr.br\/ru\/files\/2025\/02\/pimenta-150x150.jpg 150w\" sizes=\"auto, (max-width: 22px) 100vw, 22px\" \/>&nbsp;* Cont\u00e9m pimenta<\/p>\n\n\n<p><\/p>\n","protected":false},"excerpt":{"rendered":"<p>&nbsp; SENHOR USU\u00c1RIOVOC\u00ca PODE CONTRIBUIR PARA A REDU\u00c7\u00c3O DO TEMPO DE ESPERA NA FILA DOS RU\u2019S!&#8211; O acesso ao sistema \u00e9 realizado pelo CPF, ent\u00e3o memorize-o. &#8211; Novos alunos e aqueles que ainda n\u00e3o possuem foto no sistema tenham em m\u00e3os um documento original com foto ou documento digital. &#8211; Facilite o troco. AtenciosamenteCOORDENADORIA DOS [&hellip;]<\/p>\n","protected":false},"author":10,"featured_media":0,"parent":0,"menu_order":0,"comment_status":"closed","ping_status":"closed","template":"","meta":{"ngg_post_thumbnail":0,"footnotes":""},"class_list":["post-1372","page","type-page","status-publish","hentry"],"_links":{"self":[{"href":"https:\/\/proad.ufpr.br\/ru\/wp-json\/wp\/v2\/pages\/1372","targetHints":{"allow":["GET"]}}],"collection":[{"href":"https:\/\/proad.ufpr.br\/ru\/wp-json\/wp\/v2\/pages"}],"about":[{"href":"https:\/\/proad.ufpr.br\/ru\/wp-json\/wp\/v2\/types\/page"}],"author":[{"embeddable":true,"href":"https:\/\/proad.ufpr.br\/ru\/wp-json\/wp\/v2\/users\/10"}],"replies":[{"embeddable":true,"href":"https:\/\/proad.ufpr.br\/ru\/wp-json\/wp\/v2\/comments?post=1372"}],"version-history":[{"count":2394,"href":"https:\/\/proad.ufpr.br\/ru\/wp-json\/wp\/v2\/pages\/1372\/revisions"}],"predecessor-version":[{"id":61717,"href":"https:\/\/proad.ufpr.br\/ru\/wp-json\/wp\/v2\/pages\/1372\/revisions\/61717"}],"wp:attachment":[{"href":"https:\/\/proad.ufpr.br\/ru\/wp-json\/wp\/v2\/media?parent=1372"}],"curies":[{"name":"wp","href":"https:\/\/api.w.org\/{rel}","templated":true}]}}